{"id":3102,"date":"2024-02-21T11:01:51","date_gmt":"2024-02-21T11:01:51","guid":{"rendered":"https:\/\/recordtours.pt\/vehiculos\/"},"modified":"2024-05-20T09:52:01","modified_gmt":"2024-05-20T09:52:01","slug":"vehiculos","status":"publish","type":"page","link":"https:\/\/recordtours.pt\/es\/vehiculos\/","title":{"rendered":"Veh\u00edculos"},"content":{"rendered":"<p>[et_pb_section fb_built=\u00bb1&#8243; inner_shadow=\u00bbon\u00bb _builder_version=\u00bb4.23.2&#8243; _module_preset=\u00bbdefault\u00bb background_color=\u00bb#275D0C\u00bb background_enable_pattern_style=\u00bbon\u00bb background_pattern_style=\u00bbsmiles\u00bb background_pattern_color=\u00bb#8BB42C\u00bb custom_padding=\u00bb0px||0px||true|false\u00bb custom_css_before=\u00bbcontent: %22%22;||position: absolute;||top: 0;||left: 0;||right: 0;||bottom: 0;||z-index: 2;||backdrop-filter:blur(5px);\u00bb global_module=\u00bb1806&#8243; saved_tabs=\u00bball\u00bb locked=\u00bboff\u00bb global_colors_info=\u00bb{}\u00bb][et_pb_row _builder_version=\u00bb4.23.2&#8243; _module_preset=\u00bbdefault\u00bb custom_padding=\u00bb30px||30px||true|false\u00bb global_colors_info=\u00bb{}\u00bb][et_pb_column type=\u00bb4_4&#8243; _builder_version=\u00bb4.22.2&#8243; _module_preset=\u00bbdefault\u00bb global_colors_info=\u00bb{}\u00bb][et_pb_heading title=\u00bb@ET-DC@eyJkeW5hbWljIjp0cnVlLCJjb250ZW50IjoicG9zdF90aXRsZSIsInNldHRpbmdzIjp7ImJlZm9yZSI6IiIsImFmdGVyIjoiIn19@\u00bb _builder_version=\u00bb4.23.2&#8243; _dynamic_attributes=\u00bbtitle\u00bb _module_preset=\u00bbdefault\u00bb title_font=\u00bb||||||||\u00bb title_text_align=\u00bbcenter\u00bb title_text_color=\u00bb#FFFFFF\u00bb title_text_shadow_style=\u00bbpreset1&#8243; title_text_shadow_vertical_length=\u00bb0.07em\u00bb title_text_shadow_color=\u00bbrgba(0,0,0,0.2)\u00bb global_colors_info=\u00bb{}\u00bb][\/et_pb_heading][\/et_pb_column][\/et_pb_row][\/et_pb_section][et_pb_section fb_built=\u00bb1&#8243; _builder_version=\u00bb4.23.2&#8243; _module_preset=\u00bbdefault\u00bb global_colors_info=\u00bb{}\u00bb][et_pb_row _builder_version=\u00bb4.23.2&#8243; _module_preset=\u00bbdefault\u00bb global_colors_info=\u00bb{}\u00bb][et_pb_column type=\u00bb4_4&#8243; _builder_version=\u00bb4.23.2&#8243; _module_preset=\u00bbdefault\u00bb global_colors_info=\u00bb{}\u00bb][et_pb_heading title=\u00bb\u00a1Una gama de veh\u00edculos listos para su visita!\u00bb _builder_version=\u00bb4.23.2&#8243; _module_preset=\u00bbdefault\u00bb title_level=\u00bbh2&#8243; title_text_align=\u00bbcenter\u00bb global_colors_info=\u00bb{}\u00bb][\/et_pb_heading][et_pb_text _builder_version=\u00bb4.23.2&#8243; _module_preset=\u00bbdefault\u00bb text_orientation=\u00bbcenter\u00bb global_colors_info=\u00bb{}\u00bb]En Record Tours contamos con una variedad de veh\u00edculos para Tours, Excursiones, Traslados y otros servicios de transporte.<br \/>\nCada veh\u00edculo est\u00e1 debidamente equipado para garantizar el confort y un servicio de calidad.[\/et_pb_text][\/et_pb_column][\/et_pb_row][et_pb_row column_structure=\u00bb1_3,1_3,1_3&#8243; use_custom_gutter=\u00bbon\u00bb make_equal=\u00bbon\u00bb _builder_version=\u00bb4.23.2&#8243; _module_preset=\u00bbdefault\u00bb global_colors_info=\u00bb{}\u00bb][et_pb_column type=\u00bb1_3&#8243; _builder_version=\u00bb4.23.2&#8243; _module_preset=\u00bbdefault\u00bb global_colors_info=\u00bb{}\u00bb][et_pb_blurb title=\u00bbCoche\u00bb image=\u00bbhttps:\/\/recordtours.pt\/wp-content\/uploads\/2024\/02\/viatura-automoveis-01.webp\u00bb alt=\u00bbCoche\u00bb content_max_width=\u00bb100%\u00bb _builder_version=\u00bb4.23.2&#8243; _module_preset=\u00bbdefault\u00bb header_text_align=\u00bbcenter\u00bb text_orientation=\u00bbcenter\u00bb animation=\u00bboff\u00bb border_radii_image=\u00bbon|10px|10px|10px|10px\u00bb global_colors_info=\u00bb{}\u00bb]<\/p>\n<p><i class=\"fa-icon\" style=\"font-size: 1em;\">\uf007<\/i> Transporte de 1 a 4 pasajeros<br \/><i class=\"fa-icon\" style=\"font-size: 1em;\">\uf0f2<\/i> Maletero para 3 maletas medianas<br \/><i class=\"fa-icon\" style=\"font-size: 1em;\">\uf72e<\/i> Equipado con Aire Acondicionado<\/p>\n<p>[\/et_pb_blurb][\/et_pb_column][et_pb_column type=\u00bb1_3&#8243; _builder_version=\u00bb4.23.2&#8243; _module_preset=\u00bbdefault\u00bb global_colors_info=\u00bb{}\u00bb][et_pb_blurb title=\u00bbMicrob\u00fas\u00bb image=\u00bbhttps:\/\/recordtours.pt\/wp-content\/uploads\/2024\/02\/viatura-monovolume-01.webp\u00bb alt=\u00bbMicrob\u00fas\u00bb content_max_width=\u00bb100%\u00bb _builder_version=\u00bb4.23.2&#8243; _module_preset=\u00bbdefault\u00bb text_orientation=\u00bbcenter\u00bb animation=\u00bboff\u00bb border_radii_image=\u00bbon|10px|10px|10px|10px\u00bb global_colors_info=\u00bb{}\u00bb]<\/p>\n<p><i class=\"fa-icon\" style=\"font-size: 1em;\">\uf007<\/i> Transporte de 7-8 pasajeros<br \/><i class=\"fa-icon\" style=\"font-size: 1em;\">\uf0f2<\/i> Maletero tama\u00f1o XXL<br \/><i class=\"fa-icon\" style=\"font-size: 1em;\">\uf72e<\/i> Equipado con Aire Acondicionado<\/p>\n<p>[\/et_pb_blurb][\/et_pb_column][et_pb_column type=\u00bb1_3&#8243; _builder_version=\u00bb4.23.2&#8243; _module_preset=\u00bbdefault\u00bb global_colors_info=\u00bb{}\u00bb][et_pb_blurb title=\u00bbAutob\u00fas\u00bb image=\u00bbhttps:\/\/recordtours.pt\/wp-content\/uploads\/2024\/02\/viatura-autocarros-01.webp\u00bb alt=\u00bbAutob\u00fas\u00bb content_max_width=\u00bb100%\u00bb _builder_version=\u00bb4.23.2&#8243; _module_preset=\u00bbdefault\u00bb text_orientation=\u00bbcenter\u00bb animation=\u00bboff\u00bb border_radii_image=\u00bbon|10px|10px|10px|10px\u00bb global_colors_info=\u00bb{}\u00bb]<\/p>\n<p><i class=\"fa-icon\" style=\"font-size: 1em;\">\uf007<\/i> Transporte de 16 a 69 pasajeros<br \/><i class=\"fa-icon\" style=\"font-size: 1em;\">\uf02b<\/i> Precio a consultar<br \/><i class=\"fa-icon\" style=\"font-size: 1em;\">\uf72e<\/i> Equipado con Aire Acondicionado<\/p>\n<p>[\/et_pb_blurb][\/et_pb_column][\/et_pb_row][et_pb_row use_custom_gutter=\u00bbon\u00bb make_equal=\u00bbon\u00bb _builder_version=\u00bb4.23.2&#8243; _module_preset=\u00bbdefault\u00bb global_colors_info=\u00bb{}\u00bb][et_pb_column type=\u00bb4_4&#8243; _builder_version=\u00bb4.23.2&#8243; _module_preset=\u00bbdefault\u00bb global_colors_info=\u00bb{}\u00bb][et_pb_heading title=\u00bbGaler\u00eda\u00bb _builder_version=\u00bb4.23.2&#8243; _module_preset=\u00bbdefault\u00bb title_level=\u00bbh3&#8243; title_text_align=\u00bbcenter\u00bb global_colors_info=\u00bb{}\u00bb][\/et_pb_heading][et_pb_text _builder_version=\u00bb4.23.2&#8243; _module_preset=\u00bbdefault\u00bb text_orientation=\u00bbcenter\u00bb hover_enabled=\u00bb0&#8243; global_colors_info=\u00bb{}\u00bb sticky_enabled=\u00bb0&#8243;]<\/p>\n<p>Eche un vistazo a algunos de los veh\u00edculos que operamos.<\/p>\n<p>[\/et_pb_text][\/et_pb_column][\/et_pb_row][et_pb_row use_custom_gutter=\u00bbon\u00bb make_equal=\u00bbon\u00bb _builder_version=\u00bb4.23.2&#8243; _module_preset=\u00bbdefault\u00bb global_colors_info=\u00bb{}\u00bb][et_pb_column type=\u00bb4_4&#8243; _builder_version=\u00bb4.23.2&#8243; _module_preset=\u00bbdefault\u00bb global_colors_info=\u00bb{}\u00bb][et_pb_gallery gallery_ids=\u00bb2434,2436,2438,2440,2442,2444,2446,2448,2450,2452,2454,2456&#8243; posts_number=\u00bb12&#8243; show_pagination=\u00bboff\u00bb zoom_icon_color=\u00bbRGBA(255,255,255,0)\u00bb hover_overlay_color=\u00bbrgba(255,255,255,0.5)\u00bb hover_icon=\u00bb0||divi||400&#8243; _builder_version=\u00bb4.23.2&#8243; _module_preset=\u00bbdefault\u00bb animation_style=\u00bbfade\u00bb border_radii_image=\u00bbon|10px|10px|10px|10px\u00bb global_colors_info=\u00bb{}\u00bb][\/et_pb_gallery][\/et_pb_column][\/et_pb_row][\/et_pb_section][et_pb_section fb_built=\u00bb1&#8243; inner_shadow=\u00bbon\u00bb _builder_version=\u00bb4.23.2&#8243; _module_preset=\u00bbdefault\u00bb background_color=\u00bb#275D0C\u00bb custom_padding=\u00bb20px||20px||true|false\u00bb global_module=\u00bb1911&#8243; saved_tabs=\u00bball\u00bb global_colors_info=\u00bb{}\u00bb][et_pb_row column_structure=\u00bb2_3,1_3&#8243; use_custom_gutter=\u00bbon\u00bb make_equal=\u00bbon\u00bb _builder_version=\u00bb4.23.2&#8243; _module_preset=\u00bbdefault\u00bb custom_padding=\u00bb40px||40px||true|false\u00bb global_colors_info=\u00bb{}\u00bb][et_pb_column type=\u00bb2_3&#8243; _builder_version=\u00bb4.23.2&#8243; _module_preset=\u00bbdefault\u00bb global_colors_info=\u00bb{}\u00bb][et_pb_heading title=\u00bb\u00bfListo para explorar?\u00bb _builder_version=\u00bb4.23.2&#8243; _module_preset=\u00bbdefault\u00bb title_level=\u00bbh3&#8243; title_text_color=\u00bb#FFFFFF\u00bb custom_margin=\u00bb||5px||false|false\u00bb global_colors_info=\u00bb{}\u00bb][\/et_pb_heading][et_pb_text _builder_version=\u00bb4.23.2&#8243; _module_preset=\u00bbdefault\u00bb background_layout=\u00bbdark\u00bb global_colors_info=\u00bb{}\u00bb]\u00a1Ponte en contacto con nosotros! Haga reservaciones o pida informaci\u00f3n.[\/et_pb_text][\/et_pb_column][et_pb_column type=\u00bb1_3&#8243; _builder_version=\u00bb4.23.2&#8243; _module_preset=\u00bbdefault\u00bb custom_css_main_element=\u00bbdisplay:flex;||justify-content:flex-end;||align-items:center;||gap:30px;\u00bb global_colors_info=\u00bb{}\u00bb][et_pb_button button_url=\u00bb@ET-DC@eyJkeW5hbWljIjp0cnVlLCJjb250ZW50IjoicG9zdF9saW5rX3VybF9wYWdlIiwic2V0dGluZ3MiOnsicG9zdF9pZCI6IjE3In19@\u00bb button_text=\u00bbCont\u00e1ctenos\u00bb button_alignment=\u00bbright\u00bb _builder_version=\u00bb4.23.2&#8243; _dynamic_attributes=\u00bbbutton_url\u00bb _module_preset=\u00bbdefault\u00bb custom_button=\u00bbon\u00bb button_text_color=\u00bb#FFFFFF\u00bb button_bg_color=\u00bbRGBA(255,255,255,0)\u00bb button_border_color=\u00bb#FFFFFF\u00bb button_font=\u00bb||||||||\u00bb button_icon=\u00bb&#xf879;||fa||900&#8243; button_icon_placement=\u00bbleft\u00bb button_on_hover=\u00bboff\u00bb custom_margin=\u00bb0px||0px||true|false\u00bb global_colors_info=\u00bb{}\u00bb button_text_color__hover_enabled=\u00bbon|hover\u00bb button_bg_color__hover_enabled=\u00bbon|desktop\u00bb button_border_color__hover_enabled=\u00bbon|hover\u00bb button_text_color__hover=\u00bb#FFFFFF\u00bb button_bg_color__hover=\u00bb#8BB42C\u00bb button_bg_enable_color__hover=\u00bbon\u00bb button_border_color__hover=\u00bb#8BB42C\u00bb][\/et_pb_button][et_pb_button button_text=\u00bbLibro\u00bb button_alignment=\u00bbright\u00bb _builder_version=\u00bb4.23.2&#8243; _module_preset=\u00bbdefault\u00bb custom_button=\u00bbon\u00bb button_text_color=\u00bb#275D0C\u00bb button_bg_color=\u00bb#FFFFFF\u00bb button_border_color=\u00bb#FFFFFF\u00bb button_font=\u00bb||||||||\u00bb button_icon=\u00bb&#xf274;||fa||900&#8243; button_icon_placement=\u00bbleft\u00bb button_on_hover=\u00bboff\u00bb custom_margin=\u00bb0px||0px||true|false\u00bb global_colors_info=\u00bb{}\u00bb button_border_color__hover_enabled=\u00bbon|hover\u00bb button_text_color__hover_enabled=\u00bbon|desktop\u00bb button_bg_color__hover_enabled=\u00bbon|desktop\u00bb button_text_color__hover=\u00bb#FFFFFF\u00bb button_bg_color__hover=\u00bb#8BB42C\u00bb button_bg_enable_color__hover=\u00bbon\u00bb button_border_color__hover=\u00bb#8BB42C\u00bb][\/et_pb_button][\/et_pb_column][\/et_pb_row][\/et_pb_section]<\/p>\n","protected":false},"excerpt":{"rendered":"<p>En Record Tours contamos con una variedad de veh\u00edculos para Tours, Excursiones, Traslados y otros servicios de transporte. Cada veh\u00edculo est\u00e1 debidamente equipado para garantizar el confort y un servicio de calidad.\uf007 Transporte de 1 a 4 pasajeros\uf0f2 Maletero para 3 maletas medianas\uf72e Equipado con Aire Acondicionado\uf007 Transporte de 7-8 pasajeros\uf0f2 Maletero tama\u00f1o XXL\uf72e Equipado [&hellip;]<\/p>\n","protected":false},"author":1,"featured_media":0,"parent":0,"menu_order":0,"comment_status":"closed","ping_status":"closed","template":"","meta":{"_acf_changed":false,"_et_pb_use_builder":"on","_et_pb_old_content":"","_et_gb_content_width":"","footnotes":""},"class_list":["post-3102","page","type-page","status-publish","hentry"],"acf":[],"_links":{"self":[{"href":"https:\/\/recordtours.pt\/es\/wp-json\/wp\/v2\/pages\/3102","targetHints":{"allow":["GET"]}}],"collection":[{"href":"https:\/\/recordtours.pt\/es\/wp-json\/wp\/v2\/pages"}],"about":[{"href":"https:\/\/recordtours.pt\/es\/wp-json\/wp\/v2\/types\/page"}],"author":[{"embeddable":true,"href":"https:\/\/recordtours.pt\/es\/wp-json\/wp\/v2\/users\/1"}],"replies":[{"embeddable":true,"href":"https:\/\/recordtours.pt\/es\/wp-json\/wp\/v2\/comments?post=3102"}],"version-history":[{"count":0,"href":"https:\/\/recordtours.pt\/es\/wp-json\/wp\/v2\/pages\/3102\/revisions"}],"wp:attachment":[{"href":"https:\/\/recordtours.pt\/es\/wp-json\/wp\/v2\/media?parent=3102"}],"curies":[{"name":"wp","href":"https:\/\/api.w.org\/{rel}","templated":true}]}}